{"id":3995,"date":"2023-01-11T13:21:11","date_gmt":"2023-01-11T12:21:11","guid":{"rendered":"https:\/\/dev.e-vis.se\/?page_id=3995"},"modified":"2023-08-30T16:49:57","modified_gmt":"2023-08-30T14:49:57","slug":"project","status":"publish","type":"page","link":"https:\/\/e-vis.se\/en\/about-us\/project\/","title":{"rendered":"Project"},"content":{"rendered":"\n<div class=\"wp-block-columns is-layout-flex wp-container-core-columns-is-layout-9d6595d7 wp-block-columns-is-layout-flex\">\n<div class=\"wp-block-column is-layout-flow wp-block-column-is-layout-flow\" style=\"flex-basis:66.66%\">\n<h5 class=\"wp-block-heading\">Project Primary pack<\/h5>\n\n\n\n<p><strong>Background<\/strong><br>Some of the twenty-one Swedish Health Care Regions are starting to request identifiers on primary pack level for medicines. The driver for this request is the switch to new e-health records\/systems where, among others, closed loop medication, bed side scanning and improved follow up of medicines will be possible.<br>One of the health care regions added to their tender documents for procurements, with start date in Q3 2021, that labelling of primary packs will give an advantage in the procurement.<\/p>\n\n\n\n<p>In the beginning of 2021, there was no clear owner for alignment of this topic. The Swedish authorities have neither expressed any clear directions for primary packs. The risks seen from the trade association for the research-based pharmaceutical industry in Sweden (Lif) were that a fragmented model could end up in several regional guidelines for how to identify primary pack and that these guidelines would cover (parts of) the Swedish market where in reality many medicines share pack across the Nordics.<br>Alignment on this area was seen as crucial to create predictability on the market, both short and long term. Instead of one of the stakeholders in the supply chain taking lead on this Lif proposed to e-VIS Board that e-VIS would lead the coordination and alignment for primary pack identifiers.<\/p>\n\n\n<div class=\"wp-block-ub-content-toggle wp-block-ub-content-toggle-block\" id=\"ub-content-toggle-block-c0a3d88c-a577-43ae-8f93-acb17cfd3504\" data-mobilecollapse=\"false\" data-desktopcollapse=\"true\" data-preventcollapse=\"false\" data-showonlyone=\"false\">\n<div class=\"wp-block-ub-content-toggle-accordion\" style=\"border-color: #e6e1d2; \" id=\"ub-content-toggle-panel-block-\">\n\t\t\t<div class=\"wp-block-ub-content-toggle-accordion-title-wrap\" style=\"background-color: #e6e1d2;\" aria-controls=\"ub-content-toggle-panel-0-c0a3d88c-a577-43ae-8f93-acb17cfd3504\" tabindex=\"0\">\n\t\t\t<p class=\"wp-block-ub-content-toggle-accordion-title ub-content-toggle-title-c0a3d88c-a577-43ae-8f93-acb17cfd3504\" style=\"color: var(--nv-primary-accent); \">Workshop 24 May 2023<\/p>\n\t\t\t<div class=\"wp-block-ub-content-toggle-accordion-toggle-wrap right\" style=\"color: var(--nv-primary-accent);\"><span class=\"wp-block-ub-content-toggle-accordion-state-indicator wp-block-ub-chevron-down open\"><\/span><\/div>\n\t\t<\/div>\n\t\t\t<div role=\"region\" aria-expanded=\"true\" class=\"wp-block-ub-content-toggle-accordion-content-wrap\" id=\"ub-content-toggle-panel-0-c0a3d88c-a577-43ae-8f93-acb17cfd3504\">\n\n<p>Below find agenda and presentations mainly in Swedish<\/p>\n\n\n\n<p><strong><a href=\"https:\/\/e-vis.se\/wp-content\/uploads\/2023\/05\/0.-e-VIS-Radslag-primarforpackning-24-maj-2023.pdf\" target=\"_blank\" rel=\"noreferrer noopener\">Agenda<\/a><\/strong><br>Presentationer finns l\u00e4nkade i presentationerna<br><br><strong>\u00d6ka kunskapen och skapa engagemang<\/strong><\/p>\n\n\n\n<ul class=\"wp-block-list\">\n<li><a href=\"https:\/\/e-vis.se\/wp-content\/uploads\/2023\/05\/1.-Primary-pack-code-All-about-CUD-by-CIP-V1.pdf\" target=\"_blank\" rel=\"noreferrer noopener\">Codes on primary packs in France<\/a>\u00a0(Agn\u00e9s Vabois, Philippe Gendre, Association CIP)<\/li>\n<\/ul>\n\n\n\n<p><strong>Uppmuntra till handling<\/strong><\/p>\n\n\n\n<ul class=\"wp-block-list\">\n<li>Uppdatering fr\u00e5n\u00a0<a href=\"https:\/\/e-vis.se\/wp-content\/uploads\/2023\/05\/2a-SKR-Dialogmote-markning-primarforpackning-230524.pdf\" target=\"_blank\" rel=\"noreferrer noopener\">SKR\u00a0<\/a>och\u00a0<a href=\"https:\/\/e-vis.se\/wp-content\/uploads\/2023\/05\/2b-Skane-Presentation-Primarforpackningar-Region-Skane-20230524.pdf\" target=\"_blank\" rel=\"noreferrer noopener\">regionerna<\/a><br>(Sanna Eklund, SKR, Per Holm\u00e9r, Region Sk\u00e5ne)<\/li>\n\n\n\n<li><a href=\"https:\/\/e-vis.se\/wp-content\/uploads\/2023\/05\/3.-LIF-20230524-Scanning-av-primarforpackningar.pdf\" target=\"_blank\" rel=\"noreferrer noopener\">Presentation fr\u00e5n Lifs arbetsgrupp f\u00f6r prim\u00e4rf\u00f6rpackning<\/a><br>(Susanne Kinert, AstraZeneca, Bengt Mattson, Lif)<\/li>\n\n\n\n<li><a href=\"https:\/\/e-vis.se\/wp-content\/uploads\/2023\/05\/4.-LV-IDMP-och-informationsstruktur-for-forpackningar.pdf\" target=\"_blank\" rel=\"noreferrer noopener\">L\u00e4kemedelverkets arbete med IDMP och informationsstruktur f\u00f6r f\u00f6rpackningar<\/a>\u00a0(Johan Aulin)<\/li>\n\n\n\n<li><a href=\"https:\/\/e-vis.se\/wp-content\/uploads\/2023\/05\/5.-EHM-PP-GTIN-pa-primarforpackningar-maj-2023.pdf\" target=\"_blank\" rel=\"noreferrer noopener\">Uppdatering av arbetet med strukturerad information om prim\u00e4rf\u00f6rpackning i VARA\/LiiV<\/a><br>(Katarina Hagberg, eH\u00e4lsomyndigheten)<br><br><strong><a href=\"https:\/\/e-vis.se\/wp-content\/uploads\/2023\/08\/e-VIS-avslutande-radslag-kring-kod-pa-primarforpackning_FINAL.pdf\" target=\"_blank\" rel=\"noreferrer noopener\">Report R\u00e5dslag 24 May 2023 (in Swedish)<\/a><\/strong><\/li>\n<\/ul>\n\n<\/div>\n\t\t<\/div>\n\n<div class=\"wp-block-ub-content-toggle-accordion\" style=\"border-color: #e6e1d2; \" id=\"ub-content-toggle-panel-block-\">\n\t\t\t<div class=\"wp-block-ub-content-toggle-accordion-title-wrap\" style=\"background-color: #e6e1d2;\" aria-controls=\"ub-content-toggle-panel-1-c0a3d88c-a577-43ae-8f93-acb17cfd3504\" tabindex=\"0\">\n\t\t\t<p class=\"wp-block-ub-content-toggle-accordion-title ub-content-toggle-title-c0a3d88c-a577-43ae-8f93-acb17cfd3504\" style=\"color: var(--nv-primary-accent); --ub-content-toggle-title-link-color: var(--nv-primary-accent); \">Workshop 1 June 2022<\/p>\n\t\t\t<div class=\"wp-block-ub-content-toggle-accordion-toggle-wrap right\" style=\"color: var(--nv-primary-accent);\"><span class=\"wp-block-ub-content-toggle-accordion-state-indicator wp-block-ub-chevron-down\"><\/span><\/div>\n\t\t<\/div>\n\t\t\t<div role=\"region\" aria-expanded=\"false\" class=\"wp-block-ub-content-toggle-accordion-content-wrap ub-hide\" id=\"ub-content-toggle-panel-1-c0a3d88c-a577-43ae-8f93-acb17cfd3504\">\n\n<p>Below find agenda and presentations in Swedish<\/p>\n\n\n\n<p><strong>Agenda<\/strong><\/p>\n\n\n\n<p><strong>V\u00e4lkommen<br><a href=\"https:\/\/e-vis.se\/wp-content\/uploads\/2022\/07\/e-VIS-Radslag-Primarforpackning-2022-06-01-1.pdf\" target=\"_blank\" rel=\"noreferrer noopener\">e-VIS \u2013 EAN-koder p\u00e5 sekund\u00e4rf\u00f6rpackning<\/a><\/strong><br>Kristina von Sydow, VD, e-VIS<\/p>\n\n\n\n<p><strong><a href=\"https:\/\/e-vis.se\/wp-content\/uploads\/2022\/07\/Akademiska-sjukhuset-Hans-Sjoberg-2022-06-01.pdf\" target=\"_blank\" rel=\"noreferrer noopener\">Hur planerar Akademiska sjukhuset\/Region Uppsala att arbeta med closedloop adminstration?<\/a><br><\/strong>Hans Sj\u00f6berg, Chefsapotekare, Akademiska sjukhuset<\/p>\n\n\n\n<p><a href=\"https:\/\/e-vis.se\/wp-content\/uploads\/2022\/07\/e-VIS-Utmaningar-kring-2D-koder-och-skanners_Jonas-Kreku-2022-06-01.pdf\" target=\"_blank\" rel=\"noreferrer noopener\"><strong>Skanning av 2D-koder \u2013 utmaningar och l\u00f6sningar<\/strong><\/a><br>Jonas Kreku, Operations Manager, e-VIS<\/p>\n\n\n\n<p><a href=\"https:\/\/e-vis.se\/wp-content\/uploads\/2022\/07\/E-halsomyndigheten-Minna-Tolonen-2022-06-01.pdf\" target=\"_blank\" rel=\"noreferrer noopener\"><strong>Uppdatering kring arbetet med produktkod p\u00e5 prim\u00e4rf\u00f6rpackning i VARA<\/strong><\/a><br>Minna Tolonen Lindgren, Farmaceutisk utredare, E-h\u00e4lsomyndigheten<\/p>\n\n\n\n<ul class=\"wp-block-list\">\n<li>Summering och diskussion tidigare r\u00e5dslag<\/li>\n\n\n\n<li>Hur har vi uppn\u00e5tt syftet kring att:<br>\u2013 \u00d6ka kunskapen\u00a0<br>\u2013 Skapa engagemang<br>\u2013 Uppmuntra till handling<\/li>\n\n\n\n<li>Hur tar vi arbetet vidare: Break out session<\/li>\n\n\n\n<li>Diskussion i helgrupp<\/li>\n\n\n\n<li>Summering och avslut<\/li>\n<\/ul>\n\n\n\n<p><\/p>\n\n<\/div>\n\t\t<\/div>\n\n<div class=\"wp-block-ub-content-toggle-accordion\" style=\"border-color: #e6e1d2; \" id=\"ub-content-toggle-panel-block-\">\n\t\t\t<div class=\"wp-block-ub-content-toggle-accordion-title-wrap\" style=\"background-color: #e6e1d2;\" aria-controls=\"ub-content-toggle-panel-2-c0a3d88c-a577-43ae-8f93-acb17cfd3504\" tabindex=\"0\">\n\t\t\t<p class=\"wp-block-ub-content-toggle-accordion-title ub-content-toggle-title-c0a3d88c-a577-43ae-8f93-acb17cfd3504\" style=\"color: var(--nv-primary-accent); --ub-content-toggle-title-link-color: var(--nv-primary-accent); \">Workshop 25 November 2021<\/p>\n\t\t\t<div class=\"wp-block-ub-content-toggle-accordion-toggle-wrap right\" style=\"color: var(--nv-primary-accent);\"><span class=\"wp-block-ub-content-toggle-accordion-state-indicator wp-block-ub-chevron-down\"><\/span><\/div>\n\t\t<\/div>\n\t\t\t<div role=\"region\" aria-expanded=\"false\" class=\"wp-block-ub-content-toggle-accordion-content-wrap ub-hide\" id=\"ub-content-toggle-panel-2-c0a3d88c-a577-43ae-8f93-acb17cfd3504\">\n\n<p><a href=\"https:\/\/e-vis.se\/wp-content\/uploads\/2022\/03\/2022-02-Rapport-Radslag-211125_Identifiering-och-skanning-av-primarforpackning.pdf\" target=\"_blank\" rel=\"noreferrer noopener\"><strong>Full report (in Swedish only) R\u00e5dslag 25 November 2021<\/strong><\/a><\/p>\n\n\n\n<p>Below find agenda and presentations mainly in Swedish<\/p>\n\n\n\n<p><strong>Agenda<\/strong><\/p>\n\n\n\n<ul class=\"wp-block-list\">\n<li><strong>V\u00e4lkommen<\/strong><br><a href=\"https:\/\/e-vis.se\/wp-content\/uploads\/2022\/04\/e-VIS-Radslag-Primarforpackning-25Nov2021.pdf\" target=\"_blank\" rel=\"noreferrer noopener\">Uppf\u00f6ljande R\u00e5dslag r\u00f6rande skanning av<\/a><br><a href=\"https:\/\/e-vis.se\/om-oss\/projekt\/_wp_link_placeholder\">prim\u00e4rf\u00f6rpackning<\/a><br>Kristina von Sydow, e- VIS<br><br><strong>Perspektiv fr\u00e5n l\u00e4kemedelsindustrin<\/strong>\n<ul class=\"wp-block-list\">\n<li><a href=\"https:\/\/e-vis.se\/wp-content\/uploads\/2022\/04\/Whitepaper_Depl_Adv_Primary_Pack_Cod_Techn_-Generic-Meds_EUR.pdf\" target=\"_blank\" rel=\"noreferrer noopener\">Whitepaper on the Deployment of Advanced Primary Pack Coding<\/a><a href=\"https:\/\/e-vis.se\/wp-content\/uploads\/2022\/04\/Whitepaper_Depl_Adv_Primary_Pack_Cod_Techn_-Generic-Meds_EUR.pdf\" target=\"_blank\" rel=\"noreferrer noopener\">\u00a0Techniques for<\/a><a href=\"https:\/\/e-vis.se\/wp-content\/uploads\/2022\/04\/Whitepaper_Depl_Adv_Primary_Pack_Cod_Techn_-Generic-Meds_EUR.pdf\" target=\"_blank\" rel=\"noreferrer noopener\">\u00a0<\/a><a href=\"https:\/\/e-vis.se\/wp-content\/uploads\/2022\/04\/Whitepaper_Depl_Adv_Primary_Pack_Cod_Techn_-Generic-Meds_EUR.pdf\" target=\"_blank\" rel=\"noreferrer noopener\">Generic<\/a><a href=\"https:\/\/e-vis.se\/wp-content\/uploads\/2022\/04\/Whitepaper_Depl_Adv_Primary_Pack_Cod_Techn_-Generic-Meds_EUR.pdf\" target=\"_blank\" rel=\"noreferrer noopener\">\u00a0Medicines in Europe;\u00a0<\/a><br><a href=\"https:\/\/e-vis.se\/wp-content\/uploads\/2022\/04\/Primary-Pack-Coding_Generic-Medicines_Accord-Healthcare.pdf\" target=\"_blank\" rel=\"noreferrer noopener\">Primary Pack Coding Accord Healthcare<\/a><br>Christopher Fordham, Accord Healthcare\/Medicines for Europe<br><\/li>\n\n\n\n<li><a href=\"https:\/\/e-vis.se\/wp-content\/uploads\/2022\/04\/LIF_aspekter-fran-lakemedelsforetagen.pdf\" target=\"_blank\" rel=\"noreferrer noopener\">Lif presenterar aspekter fr\u00e5n L\u00e4kemedelsf\u00f6retagen<\/a><strong><br><\/strong>Susanne Kinert, Astra Zeneca\/Lif<br><\/li>\n<\/ul>\n<\/li>\n\n\n\n<li><strong>Nordiska perspektivet<\/strong>\n<ul class=\"wp-block-list\">\n<li><a href=\"https:\/\/e-vis.se\/wp-content\/uploads\/2022\/04\/Recommendations_guidelines_identifiers_primary-packages_Nordic.pdf\" target=\"_blank\" rel=\"noreferrer noopener\">Uppf\u00f6ljning kring arbetet med nordiska riktlinjer<\/a><strong><br><\/strong>Hans Andersson, Lif<\/li>\n<\/ul>\n<\/li>\n<\/ul>\n\n\n\n<ul class=\"wp-block-list\">\n<li><strong>Uppf\u00f6ljning av actions fr\u00e5n r\u00e5dslaget i juni 2021<\/strong>:\n<ul class=\"wp-block-list\">\n<li>Genomg\u00e5ng actions, Kristina von Sydow, e-VIS<\/li>\n\n\n\n<li>Patients\u00e4kerhetsperspektivet, Uppdatering fr\u00e5n regionerna<\/li>\n\n\n\n<li>Myndighetsperspektivet, Uppdatering fr\u00e5n eH\u00e4lsomyndigheten, L\u00e4kemedelsverket och Socialstyrelsen<br><\/li>\n<\/ul>\n<\/li>\n\n\n\n<li>Break out sessions: Problemst\u00e4llningar som inkommit innan m\u00f6tet<\/li>\n\n\n\n<li>Break out sessions: Summering<br><\/li>\n\n\n\n<li>N\u00e4sta steg<\/li>\n<\/ul>\n\n<\/div>\n\t\t<\/div>\n\n<div class=\"wp-block-ub-content-toggle-accordion\" style=\"border-color: #e6e1d2; \" id=\"ub-content-toggle-panel-block-\">\n\t\t\t<div class=\"wp-block-ub-content-toggle-accordion-title-wrap\" style=\"background-color: #e6e1d2;\" aria-controls=\"ub-content-toggle-panel-3-c0a3d88c-a577-43ae-8f93-acb17cfd3504\" tabindex=\"0\">\n\t\t\t<p class=\"wp-block-ub-content-toggle-accordion-title ub-content-toggle-title-c0a3d88c-a577-43ae-8f93-acb17cfd3504\" style=\"color: var(--nv-primary-accent); \">Workshop 16 June 2021<\/p>\n\t\t\t<div class=\"wp-block-ub-content-toggle-accordion-toggle-wrap right\" style=\"color: var(--nv-primary-accent);\"><span class=\"wp-block-ub-content-toggle-accordion-state-indicator wp-block-ub-chevron-down\"><\/span><\/div>\n\t\t<\/div>\n\t\t\t<div role=\"region\" aria-expanded=\"false\" class=\"wp-block-ub-content-toggle-accordion-content-wrap ub-hide\" id=\"ub-content-toggle-panel-3-c0a3d88c-a577-43ae-8f93-acb17cfd3504\">\n\n<p><a href=\"https:\/\/e-vis.se\/wp-content\/uploads\/2021\/11\/Workshop-Primary-Pack-16th-June-2021_Summary.pdf\" target=\"_blank\" rel=\"noreferrer noopener\"><strong>Summary in English &#8211; Workshop 16 June 2021<\/strong><\/a><\/p>\n\n\n\n<p><strong><a href=\"https:\/\/e-vis.se\/wp-content\/uploads\/2021\/10\/2021-09-Rapport-radslag-16-juni.pdf\" target=\"_blank\" rel=\"noreferrer noopener\">Full report (in Swedish only) from the workshop 16 June 2021<\/a><\/strong><\/p>\n\n\n\n<p>Below find agenda and presentations mainly in Swedish<\/p>\n\n\n\n<p><strong>Agenda<\/strong>:<\/p>\n\n\n\n<p>\u2022\u00a0<strong><a href=\"https:\/\/e-vis.se\/wp-content\/uploads\/2022\/04\/e-VIS-Radslag-Primarforpackning_16Juni2021.pdf\" target=\"_blank\" rel=\"noreferrer noopener\">Introduktion<\/a><\/strong><br>Kristina von Sydow, e-VIS<\/p>\n\n\n\n<p>\u2022\u00a0<strong><a href=\"https:\/\/e-vis.se\/wp-content\/uploads\/2022\/04\/REKOMM1.pdf\" target=\"_blank\" rel=\"noreferrer noopener\">Rekommendationer och guidelines i Norden<\/a><br><\/strong>Hans Andersson, Lif<\/p>\n\n\n\n<p>\u2022\u00a0<strong><a href=\"https:\/\/e-vis.se\/wp-content\/uploads\/2022\/04\/Region-Skane_Radslag_16Juni2021.pdf\" target=\"_blank\" rel=\"noreferrer noopener\">Region Sk\u00e5ne och anv\u00e4ndning av kod p\u00e5 prim\u00e4rf\u00f6rpackning<\/a><\/strong><br>Per Holm\u00e9r med kollegor<\/p>\n\n\n\n<p>\u2022\u00a0<strong><a href=\"https:\/\/e-vis.se\/wp-content\/uploads\/2022\/04\/Primarypack-barcodes-in-Denmark_16June2021.pdf\" target=\"_blank\" rel=\"noreferrer noopener\">Primary pack barcode in Denmark<\/a><\/strong><br>Ulla Bonderup, Amgros, Denmark<\/p>\n\n\n\n<p>\u2022\u00a0<strong><a href=\"https:\/\/e-vis.se\/wp-content\/uploads\/2022\/04\/JANSSE1.pdf\" target=\"_blank\" rel=\"noreferrer noopener\">Pharmaceutical company view Primary pack identification details<\/a><\/strong><br>Maija Virtanen, Janssen Finland<\/p>\n\n\n\n<p>\u2022 Break out sessions<br>\u2022 Summering av diskussioner<br>\u2022 N\u00e4sta steg<\/p>\n\n\n\n<p>\u00d6vrigt material fr\u00e5n m\u00f6tet:<br><strong><a href=\"https:\/\/e-vis.se\/wp-content\/uploads\/2022\/04\/Primary-packs-information_one_pager_042021.pdf\" target=\"_blank\" rel=\"noreferrer noopener\">Primary packs information<\/a><br><a href=\"https:\/\/e-vis.se\/wp-content\/uploads\/2022\/04\/PRIMAR2.pdf\" target=\"_blank\" rel=\"noreferrer noopener\">Primary package identifiers_Guidance for pharma companies<\/a><\/strong><\/p>\n\n<\/div>\n\t\t<\/div>\n<\/div><\/div>\n\n\n\n<div class=\"wp-block-column is-layout-flow wp-block-column-is-layout-flow\" style=\"flex-basis:33%\"><\/div>\n<\/div>\n","protected":false},"excerpt":{"rendered":"<p>Project Primary pack BackgroundSome of the twenty-one Swedish Health Care Regions are starting to request identifiers on primary pack level for medicines. The driver for this request is the switch to new e-health records\/systems where, among others, closed loop medication, bed side scanning and improved follow up of medicines will be possible.One of the health&hellip;&nbsp;<a href=\"https:\/\/e-vis.se\/en\/about-us\/project\/\" rel=\"bookmark\">Read More &raquo;<span class=\"screen-reader-text\">Project<\/span><\/a><\/p>\n","protected":false},"author":3,"featured_media":3504,"parent":3977,"menu_order":0,"comment_status":"closed","ping_status":"closed","template":"","meta":{"_acf_changed":false,"inline_featured_image":false,"neve_meta_sidebar":"","neve_meta_container":"","neve_meta_enable_content_width":"on","neve_meta_content_width":100,"neve_meta_title_alignment":"","neve_meta_author_avatar":"","neve_post_elements_order":"","neve_meta_disable_header":"","neve_meta_disable_footer":"","neve_meta_disable_title":"on","neve_meta_reading_time":"","footnotes":""},"class_list":["post-3995","page","type-page","status-publish","has-post-thumbnail","hentry"],"acf":[],"featured_image_src":"https:\/\/e-vis.se\/wp-content\/uploads\/2022\/12\/evis-std-2.jpg","yoast_head":"<!-- This site is optimized with the Yoast SEO plugin v27.1.1 - https:\/\/yoast.com\/product\/yoast-seo-wordpress\/ -->\n<title>Project - e-VIS<\/title>\n<meta name=\"robots\" content=\"index, follow, max-snippet:-1, max-image-preview:large, max-video-preview:-1\" \/>\n<link rel=\"canonical\" href=\"https:\/\/e-vis.se\/en\/about-us\/project\/\" \/>\n<meta property=\"og:locale\" content=\"en_US\" \/>\n<meta property=\"og:type\" content=\"article\" \/>\n<meta property=\"og:title\" content=\"Project - e-VIS\" \/>\n<meta property=\"og:description\" content=\"Project Primary pack BackgroundSome of the twenty-one Swedish Health Care Regions are starting to request identifiers on primary pack level for medicines. The driver for this request is the switch to new e-health records\/systems where, among others, closed loop medication, bed side scanning and improved follow up of medicines will be possible.One of the health&hellip;&nbsp;Read More &raquo;Project\" \/>\n<meta property=\"og:url\" content=\"https:\/\/e-vis.se\/en\/about-us\/project\/\" \/>\n<meta property=\"og:site_name\" content=\"e-VIS\" \/>\n<meta property=\"article:modified_time\" content=\"2023-08-30T14:49:57+00:00\" \/>\n<meta property=\"og:image\" content=\"https:\/\/e-vis.se\/wp-content\/uploads\/2022\/12\/evis-std-2.jpg\" \/>\n\t<meta property=\"og:image:width\" content=\"1024\" \/>\n\t<meta property=\"og:image:height\" content=\"768\" \/>\n\t<meta property=\"og:image:type\" content=\"image\/jpeg\" \/>\n<meta name=\"twitter:card\" content=\"summary_large_image\" \/>\n<meta name=\"twitter:label1\" content=\"Est. reading time\" \/>\n\t<meta name=\"twitter:data1\" content=\"4 minutes\" \/>\n<script type=\"application\/ld+json\" class=\"yoast-schema-graph\">{\"@context\":\"https:\/\/schema.org\",\"@graph\":[{\"@type\":\"WebPage\",\"@id\":\"https:\/\/e-vis.se\/en\/about-us\/project\/\",\"url\":\"https:\/\/e-vis.se\/en\/about-us\/project\/\",\"name\":\"Project - e-VIS\",\"isPartOf\":{\"@id\":\"https:\/\/e-vis.se\/#website\"},\"primaryImageOfPage\":{\"@id\":\"https:\/\/e-vis.se\/en\/about-us\/project\/#primaryimage\"},\"image\":{\"@id\":\"https:\/\/e-vis.se\/en\/about-us\/project\/#primaryimage\"},\"thumbnailUrl\":\"https:\/\/e-vis.se\/wp-content\/uploads\/2022\/12\/evis-std-2.jpg\",\"datePublished\":\"2023-01-11T12:21:11+00:00\",\"dateModified\":\"2023-08-30T14:49:57+00:00\",\"breadcrumb\":{\"@id\":\"https:\/\/e-vis.se\/en\/about-us\/project\/#breadcrumb\"},\"inLanguage\":\"en-US\",\"potentialAction\":[{\"@type\":\"ReadAction\",\"target\":[\"https:\/\/e-vis.se\/en\/about-us\/project\/\"]}]},{\"@type\":\"ImageObject\",\"inLanguage\":\"en-US\",\"@id\":\"https:\/\/e-vis.se\/en\/about-us\/project\/#primaryimage\",\"url\":\"https:\/\/e-vis.se\/wp-content\/uploads\/2022\/12\/evis-std-2.jpg\",\"contentUrl\":\"https:\/\/e-vis.se\/wp-content\/uploads\/2022\/12\/evis-std-2.jpg\",\"width\":1024,\"height\":768},{\"@type\":\"BreadcrumbList\",\"@id\":\"https:\/\/e-vis.se\/en\/about-us\/project\/#breadcrumb\",\"itemListElement\":[{\"@type\":\"ListItem\",\"position\":1,\"name\":\"Start\",\"item\":\"https:\/\/e-vis.se\/\"},{\"@type\":\"ListItem\",\"position\":2,\"name\":\"About us\",\"item\":\"https:\/\/e-vis.se\/en\/about-us\/\"},{\"@type\":\"ListItem\",\"position\":3,\"name\":\"Project\"}]},{\"@type\":\"WebSite\",\"@id\":\"https:\/\/e-vis.se\/#website\",\"url\":\"https:\/\/e-vis.se\/\",\"name\":\"e-VIS\",\"description\":\"e-Verifikation i Sverige\",\"publisher\":{\"@id\":\"https:\/\/e-vis.se\/#organization\"},\"potentialAction\":[{\"@type\":\"SearchAction\",\"target\":{\"@type\":\"EntryPoint\",\"urlTemplate\":\"https:\/\/e-vis.se\/?s={search_term_string}\"},\"query-input\":{\"@type\":\"PropertyValueSpecification\",\"valueRequired\":true,\"valueName\":\"search_term_string\"}}],\"inLanguage\":\"en-US\"},{\"@type\":\"Organization\",\"@id\":\"https:\/\/e-vis.se\/#organization\",\"name\":\"e-VIS\",\"url\":\"https:\/\/e-vis.se\/\",\"logo\":{\"@type\":\"ImageObject\",\"inLanguage\":\"en-US\",\"@id\":\"https:\/\/e-vis.se\/#\/schema\/logo\/image\/\",\"url\":\"https:\/\/e-vis.se\/wp-content\/uploads\/2022\/12\/evis-std.jpg\",\"contentUrl\":\"https:\/\/e-vis.se\/wp-content\/uploads\/2022\/12\/evis-std.jpg\",\"width\":1024,\"height\":768,\"caption\":\"e-VIS\"},\"image\":{\"@id\":\"https:\/\/e-vis.se\/#\/schema\/logo\/image\/\"}}]}<\/script>\n<!-- \/ Yoast SEO plugin. -->","yoast_head_json":{"title":"Project - e-VIS","robots":{"index":"index","follow":"follow","max-snippet":"max-snippet:-1","max-image-preview":"max-image-preview:large","max-video-preview":"max-video-preview:-1"},"canonical":"https:\/\/e-vis.se\/en\/about-us\/project\/","og_locale":"en_US","og_type":"article","og_title":"Project - e-VIS","og_description":"Project Primary pack BackgroundSome of the twenty-one Swedish Health Care Regions are starting to request identifiers on primary pack level for medicines. The driver for this request is the switch to new e-health records\/systems where, among others, closed loop medication, bed side scanning and improved follow up of medicines will be possible.One of the health&hellip;&nbsp;Read More &raquo;Project","og_url":"https:\/\/e-vis.se\/en\/about-us\/project\/","og_site_name":"e-VIS","article_modified_time":"2023-08-30T14:49:57+00:00","og_image":[{"width":1024,"height":768,"url":"https:\/\/e-vis.se\/wp-content\/uploads\/2022\/12\/evis-std-2.jpg","type":"image\/jpeg"}],"twitter_card":"summary_large_image","twitter_misc":{"Est. reading time":"4 minutes"},"schema":{"@context":"https:\/\/schema.org","@graph":[{"@type":"WebPage","@id":"https:\/\/e-vis.se\/en\/about-us\/project\/","url":"https:\/\/e-vis.se\/en\/about-us\/project\/","name":"Project - e-VIS","isPartOf":{"@id":"https:\/\/e-vis.se\/#website"},"primaryImageOfPage":{"@id":"https:\/\/e-vis.se\/en\/about-us\/project\/#primaryimage"},"image":{"@id":"https:\/\/e-vis.se\/en\/about-us\/project\/#primaryimage"},"thumbnailUrl":"https:\/\/e-vis.se\/wp-content\/uploads\/2022\/12\/evis-std-2.jpg","datePublished":"2023-01-11T12:21:11+00:00","dateModified":"2023-08-30T14:49:57+00:00","breadcrumb":{"@id":"https:\/\/e-vis.se\/en\/about-us\/project\/#breadcrumb"},"inLanguage":"en-US","potentialAction":[{"@type":"ReadAction","target":["https:\/\/e-vis.se\/en\/about-us\/project\/"]}]},{"@type":"ImageObject","inLanguage":"en-US","@id":"https:\/\/e-vis.se\/en\/about-us\/project\/#primaryimage","url":"https:\/\/e-vis.se\/wp-content\/uploads\/2022\/12\/evis-std-2.jpg","contentUrl":"https:\/\/e-vis.se\/wp-content\/uploads\/2022\/12\/evis-std-2.jpg","width":1024,"height":768},{"@type":"BreadcrumbList","@id":"https:\/\/e-vis.se\/en\/about-us\/project\/#breadcrumb","itemListElement":[{"@type":"ListItem","position":1,"name":"Start","item":"https:\/\/e-vis.se\/"},{"@type":"ListItem","position":2,"name":"About us","item":"https:\/\/e-vis.se\/en\/about-us\/"},{"@type":"ListItem","position":3,"name":"Project"}]},{"@type":"WebSite","@id":"https:\/\/e-vis.se\/#website","url":"https:\/\/e-vis.se\/","name":"e-VIS","description":"e-Verifikation i Sverige","publisher":{"@id":"https:\/\/e-vis.se\/#organization"},"potentialAction":[{"@type":"SearchAction","target":{"@type":"EntryPoint","urlTemplate":"https:\/\/e-vis.se\/?s={search_term_string}"},"query-input":{"@type":"PropertyValueSpecification","valueRequired":true,"valueName":"search_term_string"}}],"inLanguage":"en-US"},{"@type":"Organization","@id":"https:\/\/e-vis.se\/#organization","name":"e-VIS","url":"https:\/\/e-vis.se\/","logo":{"@type":"ImageObject","inLanguage":"en-US","@id":"https:\/\/e-vis.se\/#\/schema\/logo\/image\/","url":"https:\/\/e-vis.se\/wp-content\/uploads\/2022\/12\/evis-std.jpg","contentUrl":"https:\/\/e-vis.se\/wp-content\/uploads\/2022\/12\/evis-std.jpg","width":1024,"height":768,"caption":"e-VIS"},"image":{"@id":"https:\/\/e-vis.se\/#\/schema\/logo\/image\/"}}]}},"_links":{"self":[{"href":"https:\/\/e-vis.se\/en\/wp-json\/wp\/v2\/pages\/3995","targetHints":{"allow":["GET"]}}],"collection":[{"href":"https:\/\/e-vis.se\/en\/wp-json\/wp\/v2\/pages"}],"about":[{"href":"https:\/\/e-vis.se\/en\/wp-json\/wp\/v2\/types\/page"}],"author":[{"embeddable":true,"href":"https:\/\/e-vis.se\/en\/wp-json\/wp\/v2\/users\/3"}],"replies":[{"embeddable":true,"href":"https:\/\/e-vis.se\/en\/wp-json\/wp\/v2\/comments?post=3995"}],"version-history":[{"count":10,"href":"https:\/\/e-vis.se\/en\/wp-json\/wp\/v2\/pages\/3995\/revisions"}],"predecessor-version":[{"id":4790,"href":"https:\/\/e-vis.se\/en\/wp-json\/wp\/v2\/pages\/3995\/revisions\/4790"}],"up":[{"embeddable":true,"href":"https:\/\/e-vis.se\/en\/wp-json\/wp\/v2\/pages\/3977"}],"wp:featuredmedia":[{"embeddable":true,"href":"https:\/\/e-vis.se\/en\/wp-json\/wp\/v2\/media\/3504"}],"wp:attachment":[{"href":"https:\/\/e-vis.se\/en\/wp-json\/wp\/v2\/media?parent=3995"}],"curies":[{"name":"wp","href":"https:\/\/api.w.org\/{rel}","templated":true}]}}