{"id":5307,"date":"2025-02-18T11:17:53","date_gmt":"2025-02-18T10:17:53","guid":{"rendered":"https:\/\/e-vis.se\/apotek-och-partihandel\/intyg-ansokan-om-tillstand-copy\/"},"modified":"2026-03-13T09:55:25","modified_gmt":"2026-03-13T08:55:25","slug":"vardgivare","status":"publish","type":"page","link":"https:\/\/e-vis.se\/en\/apotek-och-partihandel\/vardgivare\/","title":{"rendered":"V\u00e5rdgivare"},"content":{"rendered":"\n<div class=\"wp-block-columns is-layout-flex wp-container-core-columns-is-layout-9d6595d7 wp-block-columns-is-layout-flex\">\n<div class=\"wp-block-column is-layout-flow wp-block-column-is-layout-flow\" style=\"flex-basis:66.66%\">\n<h2 class=\"wp-block-heading\">V\u00e5rdgivare<\/h2>\n\n\n\n<p>N\u00e4r en v\u00e5rdgivare ger l\u00e4kemedel till patient inom v\u00e5rdinr\u00e4ttningen l\u00e4mnar v\u00e5rdgivaren ut l\u00e4kemedel till allm\u00e4nheten och ansvarar d\u00e4rf\u00f6r f\u00f6r att l\u00e4kemedlets s\u00e4kerhetsdetaljer kontrolleras och avaktiveras.<\/p>\n\n\n\n<p>L\u00e4kemedel som anv\u00e4nds inom sjukhus och v\u00e5rdinr\u00e4ttningar ska avaktiveras n\u00e4r l\u00e4kemedlet \u00e4r i v\u00e5rdinr\u00e4ttningens besittning. Ingen ytterligare f\u00f6rs\u00e4ljning av l\u00e4kemedlet f\u00e5r ske efter att l\u00e4kemedlet avaktiverats.<\/p>\n\n\n\n<h3 class=\"wp-block-heading\">V\u00e5rdgivare kan delegera kontroll och avaktivering till \u00f6ppenv\u00e5rdsapotek, sjukhusapotek eller partihandel<\/h3>\n\n\n\n<p>V\u00e5rdinr\u00e4ttningen kan uppdra ett \u00f6ppenv\u00e5rdsapotek, sjukhusapotek eller partihandel att genomf\u00f6ra avaktiveringen p\u00e5 sjukv\u00e5rdsinr\u00e4ttningens v\u00e4gnar i samband med att l\u00e4kemedlet expedieras p\u00e5 rekvisition. L\u00e4kemedlet avaktiveras i samband med att expedition sker av l\u00e4kemedlet. <\/p>\n\n\n\n<p>Detaljer kring v\u00e5rdinr\u00e4ttningens m\u00f6jlighet att uppdra avaktivering till \u00f6ppenv\u00e5rdsapotek, sjukhusapotek eller partihandel \u00e4r beskrivet i L\u00e4kemedelsverkets&nbsp;<a href=\"https:\/\/www.lakemedelsverket.se\/sv\/lagar-och-regler\/vagledningar\/vagledning-till-eu-forordning-2016-161\" target=\"_blank\" rel=\"noreferrer noopener\"><em>V\u00e4gledning om till\u00e4mpning av EU f\u00f6rordning 2016\/161 om s\u00e4kerhetsdetaljer p\u00e5 l\u00e4kemedelsf\u00f6rpackningar<\/em><\/a><\/p>\n\n\n\n<p>Om v\u00e5rdgivaren inte har uppdragit ett \u00f6ppenv\u00e5rdsapotek, sjukhusapotek eller partihandel att genomf\u00f6ra avaktiveringen \u00e5 sjukv\u00e5rdsinr\u00e4ttningens v\u00e4gnar beh\u00f6ver v\u00e5rdgivaren ansluta till svenska e-verifikationsystemet. <\/p>\n\n\n\n<p>Vid anslutning till e-VIS f\u00f6ljer v\u00e5rdgivare samma process som f\u00f6r ett apotek. Vid slutningsf\u00f6rfr\u00e5gan ska v\u00e5rdgivarf\u00f6retaget v\u00e4lja <em>f\u00f6retagsroll <\/em>APOTEK. <\/p>\n<\/div>\n\n\n\n<div class=\"wp-block-column is-layout-flow wp-block-column-is-layout-flow\" style=\"flex-basis:33%\"><div class=\"document widget\"><div class=\"doc-block\"><h4 id=\"smvs-information\">SMVS Information<\/h4><div class=\"docs\"><div><a class=\"dok-file\" href=\"https:\/\/e-vis.se\/wp-content\/uploads\/2025\/02\/e-VIS-REC-0098-Vem-ska-ansluta-sig-till-det-svenska-systemet-SMVS_v3.0.pdf\" target=\"_blank\">Vem ska ansluta sig till det svenska systemet (SMVS) v3.0<\/a><\/div><div><a class=\"dok-file\" href=\"https:\/\/e-vis.se\/wp-content\/uploads\/2025\/02\/e-VIS-REC-0099-Who-will-onboard-the-Swedish-system_SMVS_3.0.pdf\" target=\"_blank\">Who will onboard the Swedish system SMVS v3.0<\/a><\/div><div><a class=\"dok-file\" href=\"https:\/\/e-vis.se\/wp-content\/uploads\/2020\/07\/EMVS1899-Pharmacy-and-Wholesaler-Minimum-System-Requirements-for-Connection-to-the-NMVS-V1.0.pdf\" target=\"_blank\">Pharmacy and Wholesaler Minimum System Requirements for Connection to the NMVS_EMVS1899 _V1.0<\/a><\/div><div><a class=\"dok-file\" href=\"https:\/\/e-vis.se\/wp-content\/uploads\/2025\/11\/e-VIS-REC-0097-Instruktion-for-location-i-SMVS-version-6.0-faststallt-2025-11-05.pdf\" target=\"_blank\">e-VIS Instruktion Locations SMVS f\u00f6r slutanv\u00e4ndare (v6.0)<\/a><\/div><\/div><\/div><\/div><\/div>\n<\/div>\n","protected":false},"excerpt":{"rendered":"<p>V\u00e5rdgivare N\u00e4r en v\u00e5rdgivare ger l\u00e4kemedel till patient inom v\u00e5rdinr\u00e4ttningen l\u00e4mnar v\u00e5rdgivaren ut l\u00e4kemedel till allm\u00e4nheten och ansvarar d\u00e4rf\u00f6r f\u00f6r att l\u00e4kemedlets s\u00e4kerhetsdetaljer kontrolleras och avaktiveras. L\u00e4kemedel som anv\u00e4nds inom sjukhus och v\u00e5rdinr\u00e4ttningar ska avaktiveras n\u00e4r l\u00e4kemedlet \u00e4r i v\u00e5rdinr\u00e4ttningens besittning. Ingen ytterligare f\u00f6rs\u00e4ljning av l\u00e4kemedlet f\u00e5r ske efter att l\u00e4kemedlet avaktiverats. V\u00e5rdgivare kan delegera&hellip;&nbsp;<a href=\"https:\/\/e-vis.se\/en\/apotek-och-partihandel\/vardgivare\/\" rel=\"bookmark\">Read More &raquo;<span class=\"screen-reader-text\">V\u00e5rdgivare<\/span><\/a><\/p>\n","protected":false},"author":9,"featured_media":4456,"parent":3632,"menu_order":0,"comment_status":"closed","ping_status":"closed","template":"","meta":{"_acf_changed":false,"inline_featured_image":false,"neve_meta_sidebar":"","neve_meta_container":"","neve_meta_enable_content_width":"on","neve_meta_content_width":100,"neve_meta_title_alignment":"","neve_meta_author_avatar":"","neve_post_elements_order":"","neve_meta_disable_header":"","neve_meta_disable_footer":"","neve_meta_disable_title":"on","neve_meta_reading_time":"","footnotes":""},"class_list":["post-5307","page","type-page","status-publish","has-post-thumbnail","hentry"],"acf":[],"featured_image_src":"https:\/\/e-vis.se\/wp-content\/uploads\/2023\/02\/default-img-evis.png","yoast_head":"<!-- This site is optimized with the Yoast SEO plugin v27.1.1 - https:\/\/yoast.com\/product\/yoast-seo-wordpress\/ -->\n<title>V\u00e5rdgivare - e-VIS<\/title>\n<meta name=\"robots\" content=\"index, follow, max-snippet:-1, max-image-preview:large, max-video-preview:-1\" \/>\n<link rel=\"canonical\" href=\"https:\/\/e-vis.se\/apotek-och-partihandel\/vardgivare\/\" \/>\n<meta property=\"og:locale\" content=\"en_US\" \/>\n<meta property=\"og:type\" content=\"article\" \/>\n<meta property=\"og:title\" content=\"V\u00e5rdgivare - e-VIS\" \/>\n<meta property=\"og:description\" content=\"V\u00e5rdgivare N\u00e4r en v\u00e5rdgivare ger l\u00e4kemedel till patient inom v\u00e5rdinr\u00e4ttningen l\u00e4mnar v\u00e5rdgivaren ut l\u00e4kemedel till allm\u00e4nheten och ansvarar d\u00e4rf\u00f6r f\u00f6r att l\u00e4kemedlets s\u00e4kerhetsdetaljer kontrolleras och avaktiveras. L\u00e4kemedel som anv\u00e4nds inom sjukhus och v\u00e5rdinr\u00e4ttningar ska avaktiveras n\u00e4r l\u00e4kemedlet \u00e4r i v\u00e5rdinr\u00e4ttningens besittning. Ingen ytterligare f\u00f6rs\u00e4ljning av l\u00e4kemedlet f\u00e5r ske efter att l\u00e4kemedlet avaktiverats. V\u00e5rdgivare kan delegera&hellip;&nbsp;Read More &raquo;V\u00e5rdgivare\" \/>\n<meta property=\"og:url\" content=\"https:\/\/e-vis.se\/apotek-och-partihandel\/vardgivare\/\" \/>\n<meta property=\"og:site_name\" content=\"e-VIS\" \/>\n<meta property=\"article:modified_time\" content=\"2026-03-13T08:55:25+00:00\" \/>\n<meta property=\"og:image\" content=\"https:\/\/e-vis.se\/wp-content\/uploads\/2023\/02\/default-img-evis.png\" \/>\n\t<meta property=\"og:image:width\" content=\"1024\" \/>\n\t<meta property=\"og:image:height\" content=\"480\" \/>\n\t<meta property=\"og:image:type\" content=\"image\/png\" \/>\n<meta name=\"twitter:card\" content=\"summary_large_image\" \/>\n<meta name=\"twitter:label1\" content=\"Est. reading time\" \/>\n\t<meta name=\"twitter:data1\" content=\"2 minutes\" \/>\n<script type=\"application\/ld+json\" class=\"yoast-schema-graph\">{\"@context\":\"https:\/\/schema.org\",\"@graph\":[{\"@type\":\"WebPage\",\"@id\":\"https:\/\/e-vis.se\/apotek-och-partihandel\/vardgivare\/\",\"url\":\"https:\/\/e-vis.se\/apotek-och-partihandel\/vardgivare\/\",\"name\":\"V\u00e5rdgivare - e-VIS\",\"isPartOf\":{\"@id\":\"https:\/\/e-vis.se\/#website\"},\"primaryImageOfPage\":{\"@id\":\"https:\/\/e-vis.se\/apotek-och-partihandel\/vardgivare\/#primaryimage\"},\"image\":{\"@id\":\"https:\/\/e-vis.se\/apotek-och-partihandel\/vardgivare\/#primaryimage\"},\"thumbnailUrl\":\"https:\/\/e-vis.se\/wp-content\/uploads\/2023\/02\/default-img-evis.png\",\"datePublished\":\"2025-02-18T10:17:53+00:00\",\"dateModified\":\"2026-03-13T08:55:25+00:00\",\"breadcrumb\":{\"@id\":\"https:\/\/e-vis.se\/apotek-och-partihandel\/vardgivare\/#breadcrumb\"},\"inLanguage\":\"en-US\",\"potentialAction\":[{\"@type\":\"ReadAction\",\"target\":[\"https:\/\/e-vis.se\/apotek-och-partihandel\/vardgivare\/\"]}]},{\"@type\":\"ImageObject\",\"inLanguage\":\"en-US\",\"@id\":\"https:\/\/e-vis.se\/apotek-och-partihandel\/vardgivare\/#primaryimage\",\"url\":\"https:\/\/e-vis.se\/wp-content\/uploads\/2023\/02\/default-img-evis.png\",\"contentUrl\":\"https:\/\/e-vis.se\/wp-content\/uploads\/2023\/02\/default-img-evis.png\",\"width\":1024,\"height\":480},{\"@type\":\"BreadcrumbList\",\"@id\":\"https:\/\/e-vis.se\/apotek-och-partihandel\/vardgivare\/#breadcrumb\",\"itemListElement\":[{\"@type\":\"ListItem\",\"position\":1,\"name\":\"Start\",\"item\":\"https:\/\/e-vis.se\/\"},{\"@type\":\"ListItem\",\"position\":2,\"name\":\"Apotek och partihandlare\",\"item\":\"https:\/\/e-vis.se\/apotek-och-partihandel\/\"},{\"@type\":\"ListItem\",\"position\":3,\"name\":\"V\u00e5rdgivare\"}]},{\"@type\":\"WebSite\",\"@id\":\"https:\/\/e-vis.se\/#website\",\"url\":\"https:\/\/e-vis.se\/\",\"name\":\"e-VIS\",\"description\":\"e-Verifikation i Sverige\",\"publisher\":{\"@id\":\"https:\/\/e-vis.se\/#organization\"},\"potentialAction\":[{\"@type\":\"SearchAction\",\"target\":{\"@type\":\"EntryPoint\",\"urlTemplate\":\"https:\/\/e-vis.se\/?s={search_term_string}\"},\"query-input\":{\"@type\":\"PropertyValueSpecification\",\"valueRequired\":true,\"valueName\":\"search_term_string\"}}],\"inLanguage\":\"en-US\"},{\"@type\":\"Organization\",\"@id\":\"https:\/\/e-vis.se\/#organization\",\"name\":\"e-VIS\",\"url\":\"https:\/\/e-vis.se\/\",\"logo\":{\"@type\":\"ImageObject\",\"inLanguage\":\"en-US\",\"@id\":\"https:\/\/e-vis.se\/#\/schema\/logo\/image\/\",\"url\":\"https:\/\/e-vis.se\/wp-content\/uploads\/2022\/12\/evis-std.jpg\",\"contentUrl\":\"https:\/\/e-vis.se\/wp-content\/uploads\/2022\/12\/evis-std.jpg\",\"width\":1024,\"height\":768,\"caption\":\"e-VIS\"},\"image\":{\"@id\":\"https:\/\/e-vis.se\/#\/schema\/logo\/image\/\"}}]}<\/script>\n<!-- \/ Yoast SEO plugin. -->","yoast_head_json":{"title":"V\u00e5rdgivare - e-VIS","robots":{"index":"index","follow":"follow","max-snippet":"max-snippet:-1","max-image-preview":"max-image-preview:large","max-video-preview":"max-video-preview:-1"},"canonical":"https:\/\/e-vis.se\/apotek-och-partihandel\/vardgivare\/","og_locale":"en_US","og_type":"article","og_title":"V\u00e5rdgivare - e-VIS","og_description":"V\u00e5rdgivare N\u00e4r en v\u00e5rdgivare ger l\u00e4kemedel till patient inom v\u00e5rdinr\u00e4ttningen l\u00e4mnar v\u00e5rdgivaren ut l\u00e4kemedel till allm\u00e4nheten och ansvarar d\u00e4rf\u00f6r f\u00f6r att l\u00e4kemedlets s\u00e4kerhetsdetaljer kontrolleras och avaktiveras. L\u00e4kemedel som anv\u00e4nds inom sjukhus och v\u00e5rdinr\u00e4ttningar ska avaktiveras n\u00e4r l\u00e4kemedlet \u00e4r i v\u00e5rdinr\u00e4ttningens besittning. Ingen ytterligare f\u00f6rs\u00e4ljning av l\u00e4kemedlet f\u00e5r ske efter att l\u00e4kemedlet avaktiverats. V\u00e5rdgivare kan delegera&hellip;&nbsp;Read More &raquo;V\u00e5rdgivare","og_url":"https:\/\/e-vis.se\/apotek-och-partihandel\/vardgivare\/","og_site_name":"e-VIS","article_modified_time":"2026-03-13T08:55:25+00:00","og_image":[{"width":1024,"height":480,"url":"https:\/\/e-vis.se\/wp-content\/uploads\/2023\/02\/default-img-evis.png","type":"image\/png"}],"twitter_card":"summary_large_image","twitter_misc":{"Est. reading time":"2 minutes"},"schema":{"@context":"https:\/\/schema.org","@graph":[{"@type":"WebPage","@id":"https:\/\/e-vis.se\/apotek-och-partihandel\/vardgivare\/","url":"https:\/\/e-vis.se\/apotek-och-partihandel\/vardgivare\/","name":"V\u00e5rdgivare - e-VIS","isPartOf":{"@id":"https:\/\/e-vis.se\/#website"},"primaryImageOfPage":{"@id":"https:\/\/e-vis.se\/apotek-och-partihandel\/vardgivare\/#primaryimage"},"image":{"@id":"https:\/\/e-vis.se\/apotek-och-partihandel\/vardgivare\/#primaryimage"},"thumbnailUrl":"https:\/\/e-vis.se\/wp-content\/uploads\/2023\/02\/default-img-evis.png","datePublished":"2025-02-18T10:17:53+00:00","dateModified":"2026-03-13T08:55:25+00:00","breadcrumb":{"@id":"https:\/\/e-vis.se\/apotek-och-partihandel\/vardgivare\/#breadcrumb"},"inLanguage":"en-US","potentialAction":[{"@type":"ReadAction","target":["https:\/\/e-vis.se\/apotek-och-partihandel\/vardgivare\/"]}]},{"@type":"ImageObject","inLanguage":"en-US","@id":"https:\/\/e-vis.se\/apotek-och-partihandel\/vardgivare\/#primaryimage","url":"https:\/\/e-vis.se\/wp-content\/uploads\/2023\/02\/default-img-evis.png","contentUrl":"https:\/\/e-vis.se\/wp-content\/uploads\/2023\/02\/default-img-evis.png","width":1024,"height":480},{"@type":"BreadcrumbList","@id":"https:\/\/e-vis.se\/apotek-och-partihandel\/vardgivare\/#breadcrumb","itemListElement":[{"@type":"ListItem","position":1,"name":"Start","item":"https:\/\/e-vis.se\/"},{"@type":"ListItem","position":2,"name":"Apotek och partihandlare","item":"https:\/\/e-vis.se\/apotek-och-partihandel\/"},{"@type":"ListItem","position":3,"name":"V\u00e5rdgivare"}]},{"@type":"WebSite","@id":"https:\/\/e-vis.se\/#website","url":"https:\/\/e-vis.se\/","name":"e-VIS","description":"e-Verifikation i Sverige","publisher":{"@id":"https:\/\/e-vis.se\/#organization"},"potentialAction":[{"@type":"SearchAction","target":{"@type":"EntryPoint","urlTemplate":"https:\/\/e-vis.se\/?s={search_term_string}"},"query-input":{"@type":"PropertyValueSpecification","valueRequired":true,"valueName":"search_term_string"}}],"inLanguage":"en-US"},{"@type":"Organization","@id":"https:\/\/e-vis.se\/#organization","name":"e-VIS","url":"https:\/\/e-vis.se\/","logo":{"@type":"ImageObject","inLanguage":"en-US","@id":"https:\/\/e-vis.se\/#\/schema\/logo\/image\/","url":"https:\/\/e-vis.se\/wp-content\/uploads\/2022\/12\/evis-std.jpg","contentUrl":"https:\/\/e-vis.se\/wp-content\/uploads\/2022\/12\/evis-std.jpg","width":1024,"height":768,"caption":"e-VIS"},"image":{"@id":"https:\/\/e-vis.se\/#\/schema\/logo\/image\/"}}]}},"_links":{"self":[{"href":"https:\/\/e-vis.se\/en\/wp-json\/wp\/v2\/pages\/5307","targetHints":{"allow":["GET"]}}],"collection":[{"href":"https:\/\/e-vis.se\/en\/wp-json\/wp\/v2\/pages"}],"about":[{"href":"https:\/\/e-vis.se\/en\/wp-json\/wp\/v2\/types\/page"}],"author":[{"embeddable":true,"href":"https:\/\/e-vis.se\/en\/wp-json\/wp\/v2\/users\/9"}],"replies":[{"embeddable":true,"href":"https:\/\/e-vis.se\/en\/wp-json\/wp\/v2\/comments?post=5307"}],"version-history":[{"count":7,"href":"https:\/\/e-vis.se\/en\/wp-json\/wp\/v2\/pages\/5307\/revisions"}],"predecessor-version":[{"id":5750,"href":"https:\/\/e-vis.se\/en\/wp-json\/wp\/v2\/pages\/5307\/revisions\/5750"}],"up":[{"embeddable":true,"href":"https:\/\/e-vis.se\/en\/wp-json\/wp\/v2\/pages\/3632"}],"wp:featuredmedia":[{"embeddable":true,"href":"https:\/\/e-vis.se\/en\/wp-json\/wp\/v2\/media\/4456"}],"wp:attachment":[{"href":"https:\/\/e-vis.se\/en\/wp-json\/wp\/v2\/media?parent=5307"}],"curies":[{"name":"wp","href":"https:\/\/api.w.org\/{rel}","templated":true}]}}